{"id":7330,"date":"2024-02-14T08:54:48","date_gmt":"2024-02-14T08:54:48","guid":{"rendered":"https:\/\/nordicbags.eu\/facet-mini-cintura-bolso-bandolera\/"},"modified":"2025-06-03T23:25:13","modified_gmt":"2025-06-03T23:25:13","slug":"facet-mini-cintura-bolso-bandolera","status":"publish","type":"product","link":"https:\/\/nordicbags.eu\/es\/producto\/facet-mini-cintura-bolso-bandolera\/","title":{"rendered":"FACET Mini cintura; bolso bandolera"},"content":{"rendered":"","protected":false},"excerpt":{"rendered":"<div class=\"entry-content\">\n<p>ENG: <strong>Facet Mini<\/strong> es el bolso de piel multifuncional de Gerda Retter que puede llevarse como bandolera, bolso de mano o ri\u00f1onera. El bolso cuenta con una correa ajustable y extra\u00edble y un bolsillo interior abierto. Facet Mini se fabrica a mano en Estonia.<\/p>\n<p>Gerda Retter es una dise\u00f1adora de accesorios estonia que cre\u00f3 su marca en 2016 mientras estudiaba dise\u00f1o de cuero en la Escuela Superior de Arte de Tartu. Adem\u00e1s, Gerda ha estudiado con maestros del dise\u00f1o de accesorios tanto en Italia como en Hungr\u00eda. Fue nominada al concurso Design-a-Bag de Hong Kong en 2015 y ha sido candidata al Premio BRUNO del Premio de Dise\u00f1o de Estonia durante varios a\u00f1os.<\/p>\n<ul>\n<li>Dimensiones: 21 x 16 x 6 cm<\/li>\n<li>Longitud de la correa: m\u00e1x. 136 cm, m\u00edn. 100 cm<\/li>\n<li>Material: cuero espa\u00f1ol de alta calidad<\/li>\n<li>Dise\u00f1ado y fabricado a mano en Estonia<\/li>\n<\/ul>\n<p>Entrega en la UE: 4-10 d\u00edas laborables<\/p>\n<\/div>\n","protected":false},"featured_media":7228,"comment_status":"open","ping_status":"closed","template":"","meta":{"_acf_changed":false},"pwb-brand":[],"product_brand":[],"product_cat":[261,272],"product_tag":[],"class_list":{"0":"post-7330","1":"product","2":"type-product","3":"status-publish","4":"has-post-thumbnail","6":"product_cat-bandoleras","7":"product_cat-rinoneras","9":"first","10":"outofstock","11":"taxable","12":"shipping-taxable","13":"purchasable","14":"product-type-variable"},"acf":[],"brands":[],"_links":{"self":[{"href":"https:\/\/nordicbags.eu\/es\/wp-json\/wp\/v2\/product\/7330","targetHints":{"allow":["GET"]}}],"collection":[{"href":"https:\/\/nordicbags.eu\/es\/wp-json\/wp\/v2\/product"}],"about":[{"href":"https:\/\/nordicbags.eu\/es\/wp-json\/wp\/v2\/types\/product"}],"replies":[{"embeddable":true,"href":"https:\/\/nordicbags.eu\/es\/wp-json\/wp\/v2\/comments?post=7330"}],"wp:featuredmedia":[{"embeddable":true,"href":"https:\/\/nordicbags.eu\/es\/wp-json\/wp\/v2\/media\/7228"}],"wp:attachment":[{"href":"https:\/\/nordicbags.eu\/es\/wp-json\/wp\/v2\/media?parent=7330"}],"wp:term":[{"taxonomy":"pwb-brand","embeddable":true,"href":"https:\/\/nordicbags.eu\/es\/wp-json\/wp\/v2\/pwb-brand?post=7330"},{"taxonomy":"product_brand","embeddable":true,"href":"https:\/\/nordicbags.eu\/es\/wp-json\/wp\/v2\/product_brand?post=7330"},{"taxonomy":"product_cat","embeddable":true,"href":"https:\/\/nordicbags.eu\/es\/wp-json\/wp\/v2\/product_cat?post=7330"},{"taxonomy":"product_tag","embeddable":true,"href":"https:\/\/nordicbags.eu\/es\/wp-json\/wp\/v2\/product_tag?post=7330"}],"curies":[{"name":"wp","href":"https:\/\/api.w.org\/{rel}","templated":true}]}}