{"id":8018,"date":"2023-02-27T23:18:55","date_gmt":"2023-02-27T23:18:55","guid":{"rendered":"https:\/\/nordicbags.eu\/facet-olakott\/"},"modified":"2024-09-03T15:14:20","modified_gmt":"2024-09-03T15:14:20","slug":"facet-olakott","status":"publish","type":"product","link":"https:\/\/nordicbags.eu\/et\/toode\/facet-olakott\/","title":{"rendered":"FACET \u00f5lakott"},"content":{"rendered":"","protected":false},"excerpt":{"rendered":"<p>Tutvustame <strong>FACET \u00f5lakotti<\/strong> &#8211; t\u00e4iuslik segu vormist ja funktsioonist. See kaunis aksessuaar on saadaval neljas suurep\u00e4rases v\u00e4rvitoonis, mis tagab, et saate valida just selle, mis sobib k\u00f5ige paremini teie isikliku stiiliga. Reguleeritav rihm v\u00f5imaldab teil kohandada koti pikkust vastavalt teie mugavusele, mist\u00f5ttu sobib see ideaalselt liikuvate tegevuste jaoks. Kvaliteetsest Hispaania nahast valmistatud \u00f5lakott on loodud kestma. Sisemine t\u00f5mblukuga tasku lisab lisaturvalisust, mis v\u00f5imaldab teil oma v\u00e4\u00e4rtasju h\u00f5lpsasti hoiustada. Meie Eestis disainitud kotis on ruumilised vormid ja geomeetrilised kujundid, mis h\u00f5lmavad p\u00f5hjamaiste v\u00e4rvide ja arhitektuuri lihtsust. See mitmek\u00fclgne \u00f5lakott on ideaalne valik, olenemata sellest, kas sa teed asju, pendeldad t\u00f6\u00f6le v\u00f5i l\u00e4hed n\u00e4dalavahetusel seiklema. See \u00fchendab vaevata stiili ja funktsionaalsuse, muutes selle kohustuslikuks aksessuaariks k\u00f5igile, kes hindavad kvaliteeti ja elegantsust. Niisiis, kinkige endale see uimastav \u00f5lakott ja kogege \u00fclimat vormi, funktsiooni ja stiili! Gerda Retter Design on alates 2016. aastast Eesti aksessuaaribr\u00e4nd, mis valmistab iga toote k\u00e4sitsi ja kasutab ainult kvaliteetset kroomitud nahka oma Tartus asuvas ateljees. Br\u00e4ndi tunnusjooned on ruumilised vormid ja geomeetrilised kujundid ning p\u00f5hjamaiste v\u00e4rvide ja arhitektuuri tagasihoidlik elegants.<\/p>\n<ul>\n<li>M\u00f5\u00f5tmed: 24 cm x 21 cm x 9 cm (k\u00fcljed) x 12,5 cm (p\u00f5hi).<\/li>\n<li>Rihma suurus: 110 cm &#8211; 140 cm<\/li>\n<li>Materjal: Kvaliteetne Hispaania nahk<\/li>\n<li>Disainitud ja valmistatud Eestis<\/li>\n<\/ul>\n","protected":false},"featured_media":8027,"comment_status":"open","ping_status":"closed","template":"","meta":{"_acf_changed":false},"pwb-brand":[336],"product_brand":[],"product_cat":[335,334],"product_tag":[],"class_list":{"0":"post-8018","1":"product","2":"type-product","3":"status-publish","4":"has-post-thumbnail","6":"pwb-brand-gerda-retter-design-et","7":"product_cat-crossbody-kotid","8":"product_cat-nahast-kotid","10":"first","11":"outofstock","12":"taxable","13":"shipping-taxable","14":"purchasable","15":"product-type-variable"},"acf":[],"brands":[{"id":336,"name":"Gerda Retter Design","slug":"gerda-retter-design-et"}],"_links":{"self":[{"href":"https:\/\/nordicbags.eu\/et\/wp-json\/wp\/v2\/product\/8018","targetHints":{"allow":["GET"]}}],"collection":[{"href":"https:\/\/nordicbags.eu\/et\/wp-json\/wp\/v2\/product"}],"about":[{"href":"https:\/\/nordicbags.eu\/et\/wp-json\/wp\/v2\/types\/product"}],"replies":[{"embeddable":true,"href":"https:\/\/nordicbags.eu\/et\/wp-json\/wp\/v2\/comments?post=8018"}],"wp:featuredmedia":[{"embeddable":true,"href":"https:\/\/nordicbags.eu\/et\/wp-json\/wp\/v2\/media\/8027"}],"wp:attachment":[{"href":"https:\/\/nordicbags.eu\/et\/wp-json\/wp\/v2\/media?parent=8018"}],"wp:term":[{"taxonomy":"pwb-brand","embeddable":true,"href":"https:\/\/nordicbags.eu\/et\/wp-json\/wp\/v2\/pwb-brand?post=8018"},{"taxonomy":"product_brand","embeddable":true,"href":"https:\/\/nordicbags.eu\/et\/wp-json\/wp\/v2\/product_brand?post=8018"},{"taxonomy":"product_cat","embeddable":true,"href":"https:\/\/nordicbags.eu\/et\/wp-json\/wp\/v2\/product_cat?post=8018"},{"taxonomy":"product_tag","embeddable":true,"href":"https:\/\/nordicbags.eu\/et\/wp-json\/wp\/v2\/product_tag?post=8018"}],"curies":[{"name":"wp","href":"https:\/\/api.w.org\/{rel}","templated":true}]}}