{"id":8073,"date":"2023-02-27T23:19:25","date_gmt":"2023-02-27T23:19:25","guid":{"rendered":"https:\/\/nordicbags.eu\/facet-seljakott\/"},"modified":"2024-09-03T15:13:47","modified_gmt":"2024-09-03T15:13:47","slug":"facet-seljakott","status":"publish","type":"product","link":"https:\/\/nordicbags.eu\/et\/toode\/facet-seljakott\/","title":{"rendered":"FACET seljakott"},"content":{"rendered":"","protected":false},"excerpt":{"rendered":"<p><strong>FACETi seljakott<\/strong> on valmistatud parimatest Hispaania nahkudest ja disainitud Eestis ning sisaldab endas funktsionaalsuse ja stiili kombinatsiooni. Reguleeritava rihmaga saab seda h\u00f5lpsasti kohandada soovitud pikkusega ning seda saab kanda \u00f5lakotina v\u00f5i seljakotina. Sellel on kaks sisetaskut: \u00fcks t\u00f5mblukuga, et hoida oma v\u00e4\u00e4rtasju turvaliselt, ja teine tasane ja avatud, et p\u00e4\u00e4seda h\u00f5lpsasti ligi oma igap\u00e4evastele esmatarbekaupadele. Kvaliteetsetest materjalidest valmistatud seljakott ei ole mitte ainult vastupidav, vaid ka praktiline. See peab vastu igap\u00e4evaeluga kaasnevale kulumisele ning hoiab teie asjad korrastatult ja alati k\u00e4eulatuses. See seljakott on ideaalne t\u00f6\u00f6-, reisi- v\u00f5i vaba aja veetmiseks ning ideaalne kaaslane k\u00f5igile, kes peavad k\u00e4ed liikvel olles vabaks hoidma. Ja oma elegantse musta disainiga t\u00e4iendab see kindlasti iga riietust. \u00c4ra tee kompromisse kvaliteedi ja stiili osas, see on t\u00e4iuslik segu vormist ja funktsioonist, mis teeb sellest targa valiku k\u00f5igile, kes otsivad usaldusv\u00e4\u00e4rset ja stiilset seljakotti. Gerda Retter Design on alates 2016. aastast Eesti aksessuaaribr\u00e4nd, mis valmistab iga toote k\u00e4sitsi ja kasutab ainult kvaliteetset kroomitud nahka oma Tartus asuvas ateljees. Br\u00e4ndi tunnusjooned on ruumilised vormid ja geomeetrilised kujundid ning p\u00f5hjamaiste v\u00e4rvide ja arhitektuuri tagasihoidlik elegants.<\/p>\n<ul>\n<li>M\u00f5\u00f5tmed: 40 cm x 38 cm x 12 cm<\/li>\n<li>Materjal: Kvaliteetne Hispaania nahk<\/li>\n<li>Disainitud ja valmistatud Eestis<\/li>\n<\/ul>\n","protected":false},"featured_media":8083,"comment_status":"open","ping_status":"closed","template":"","meta":{"_acf_changed":false},"pwb-brand":[336],"product_brand":[],"product_cat":[334,344,346,330,338],"product_tag":[],"class_list":{"0":"post-8073","1":"product","2":"type-product","3":"status-publish","4":"has-post-thumbnail","6":"pwb-brand-gerda-retter-design-et","7":"product_cat-nahast-kotid","8":"product_cat-olakotid","9":"product_cat-reisikotid","10":"product_cat-seljakotid-ja-paevakotid","11":"product_cat-sulearvuti-kotid-ja-varrukad","12":"product_shipping_class-tavaline","14":"first","15":"outofstock","16":"taxable","17":"shipping-taxable","18":"purchasable","19":"product-type-simple"},"acf":[],"brands":[{"id":336,"name":"Gerda Retter Design","slug":"gerda-retter-design-et"}],"_links":{"self":[{"href":"https:\/\/nordicbags.eu\/et\/wp-json\/wp\/v2\/product\/8073","targetHints":{"allow":["GET"]}}],"collection":[{"href":"https:\/\/nordicbags.eu\/et\/wp-json\/wp\/v2\/product"}],"about":[{"href":"https:\/\/nordicbags.eu\/et\/wp-json\/wp\/v2\/types\/product"}],"replies":[{"embeddable":true,"href":"https:\/\/nordicbags.eu\/et\/wp-json\/wp\/v2\/comments?post=8073"}],"wp:featuredmedia":[{"embeddable":true,"href":"https:\/\/nordicbags.eu\/et\/wp-json\/wp\/v2\/media\/8083"}],"wp:attachment":[{"href":"https:\/\/nordicbags.eu\/et\/wp-json\/wp\/v2\/media?parent=8073"}],"wp:term":[{"taxonomy":"pwb-brand","embeddable":true,"href":"https:\/\/nordicbags.eu\/et\/wp-json\/wp\/v2\/pwb-brand?post=8073"},{"taxonomy":"product_brand","embeddable":true,"href":"https:\/\/nordicbags.eu\/et\/wp-json\/wp\/v2\/product_brand?post=8073"},{"taxonomy":"product_cat","embeddable":true,"href":"https:\/\/nordicbags.eu\/et\/wp-json\/wp\/v2\/product_cat?post=8073"},{"taxonomy":"product_tag","embeddable":true,"href":"https:\/\/nordicbags.eu\/et\/wp-json\/wp\/v2\/product_tag?post=8073"}],"curies":[{"name":"wp","href":"https:\/\/api.w.org\/{rel}","templated":true}]}}