{"id":8110,"date":"2023-02-27T23:34:55","date_gmt":"2023-02-27T23:34:55","guid":{"rendered":"https:\/\/nordicbags.eu\/beebi-tarvikud-kaekott-must-kohv\/"},"modified":"2024-08-20T06:44:03","modified_gmt":"2024-08-20T06:44:03","slug":"beebi-tarvikud-kaekott-must-kohv","status":"publish","type":"product","link":"https:\/\/nordicbags.eu\/et\/toode\/beebi-tarvikud-kaekott-must-kohv\/","title":{"rendered":"Beebi tarvikud k\u00e4ekott &#8211; Must kohv"},"content":{"rendered":"","protected":false},"excerpt":{"rendered":"<p>Tutvuge \u00c4lly k\u00e4ekotiga <strong>Black Coffee<\/strong>, stiilse ja mugava Eesti br\u00e4ndiga, kuhu \u00fcllatuslikult mahub k\u00f5ik vajalik. <strong>Black Coffee<\/strong> on stiilne ja mitmek\u00fclgne k\u00e4ekott, mis on ideaalne aksessuaar h\u00f5ivatud emade jaoks. Kvaliteetsest PU vegannahast valmistatud k\u00e4ekott on nii stiilne kui ka praktiline. Vastupidav materjal on kerge, mist\u00f5ttu on seda lihtne kaasas kanda, ja seda on lihtne hooldada, tagades, et see n\u00e4eb aastaid suurep\u00e4raselt v\u00e4lja. Selle ruumika sisemusega k\u00e4ekotti mahuvad k\u00f5ik teie igap\u00e4evased esmatarbed, sealhulgas beebitarvikud, nagu m\u00e4hkmed ja m\u00e4nguasjad. Lisaks on spetsiaalne tasku, mis on m\u00f5eldud niiskete salvr\u00e4tikute hoidmiseks, mis h\u00f5lbustab igasuguse sassi v\u00f5i lekke koristamist. Kotil on nii pikk rihm kui ka v\u00e4ike randmerihm, mis annab teile paindlikkuse, et kanda seda teie vajadustele sobival viisil. Pikk rihm v\u00f5imaldab kotti kanda \u00fcle keha, hoides k\u00e4ed vabana, samal ajal kui randmerihm sobib ideaalselt koti kandmiseks k\u00e4es v\u00f5i randmel. See mitmek\u00fclgne k\u00e4ekott on sulle igati sobilik, olenemata sellest, kas oled minemas \u00fche p\u00e4eva jooksul asju ajama v\u00f5i n\u00e4dalavahetusel v\u00e4ljas\u00f5idule.<\/p>\n<p>\u00c4lly on kaubam\u00e4rk, mille on loonud Silja, kes liikuva emana p\u00fc\u00fcdis leida tooteid, mis vastaksid nii tema kui lapsevanema funktsionaalsetele vajadustele kui ka tema soovile stiilsete aksessuaaride j\u00e4rele, mille tulemuseks on mitmek\u00fclgsete ja moekate k\u00e4ekottide sari, mis on loodud nii, et need sobiksid k\u00f5igile t\u00e4nap\u00e4eva naise h\u00e4davajalikele asjadele.  <\/p>\n<ul>\n<li>Projekteeritud ja arendatud Eestis<\/li>\n<li>V\u00e4ga kerge &#8211; kaalub ainult 0,3 kg.<\/li>\n<li>Eemaldatav m\u00e4rgade salvr\u00e4tikute tasku<\/li>\n<li>\u00d5la- ja randmerihm kaasas<\/li>\n<\/ul>\n","protected":false},"featured_media":8111,"comment_status":"open","ping_status":"closed","template":"","meta":{"_acf_changed":false},"pwb-brand":[352],"product_brand":[],"product_cat":[343,351],"product_tag":[],"class_list":{"0":"post-8110","1":"product","2":"type-product","3":"status-publish","4":"has-post-thumbnail","6":"pwb-brand-ally-et","7":"product_cat-kaekotid","8":"product_cat-mahkmekotid","9":"product_shipping_class-tavaline","11":"first","12":"instock","13":"taxable","14":"shipping-taxable","15":"purchasable","16":"product-type-simple"},"acf":[],"brands":[{"id":352,"name":"\u00c4lly","slug":"ally-et"}],"_links":{"self":[{"href":"https:\/\/nordicbags.eu\/et\/wp-json\/wp\/v2\/product\/8110","targetHints":{"allow":["GET"]}}],"collection":[{"href":"https:\/\/nordicbags.eu\/et\/wp-json\/wp\/v2\/product"}],"about":[{"href":"https:\/\/nordicbags.eu\/et\/wp-json\/wp\/v2\/types\/product"}],"replies":[{"embeddable":true,"href":"https:\/\/nordicbags.eu\/et\/wp-json\/wp\/v2\/comments?post=8110"}],"wp:featuredmedia":[{"embeddable":true,"href":"https:\/\/nordicbags.eu\/et\/wp-json\/wp\/v2\/media\/8111"}],"wp:attachment":[{"href":"https:\/\/nordicbags.eu\/et\/wp-json\/wp\/v2\/media?parent=8110"}],"wp:term":[{"taxonomy":"pwb-brand","embeddable":true,"href":"https:\/\/nordicbags.eu\/et\/wp-json\/wp\/v2\/pwb-brand?post=8110"},{"taxonomy":"product_brand","embeddable":true,"href":"https:\/\/nordicbags.eu\/et\/wp-json\/wp\/v2\/product_brand?post=8110"},{"taxonomy":"product_cat","embeddable":true,"href":"https:\/\/nordicbags.eu\/et\/wp-json\/wp\/v2\/product_cat?post=8110"},{"taxonomy":"product_tag","embeddable":true,"href":"https:\/\/nordicbags.eu\/et\/wp-json\/wp\/v2\/product_tag?post=8110"}],"curies":[{"name":"wp","href":"https:\/\/api.w.org\/{rel}","templated":true}]}}