{"id":8381,"date":"2024-02-14T08:54:48","date_gmt":"2024-02-14T08:54:48","guid":{"rendered":"https:\/\/nordicbags.eu\/facet-mini-vookott-olakott\/"},"modified":"2024-02-14T08:54:48","modified_gmt":"2024-02-14T08:54:48","slug":"facet-mini-vookott-olakott","status":"publish","type":"product","link":"https:\/\/nordicbags.eu\/et\/toode\/facet-mini-vookott-olakott\/","title":{"rendered":"FACET Mini v\u00f6\u00f6kott; \u00f5lakott"},"content":{"rendered":"","protected":false},"excerpt":{"rendered":"<p>ENG: <strong>Facet Mini<\/strong> on Gerda Retteri multifunktsionaalne nahast kott, mida saab kanda \u00f5la-, k\u00e4e- v\u00f5i v\u00f6\u00f6kotina.<br \/>\nKotil on reguleeritav ja eemaldatav rihm ning avatud sisetasku.<br \/>\nFacet Mini on k\u00e4sit\u00f6\u00f6na valmistatud Eestis.  <\/p>\n<p>Gerda Retter on Eesti aksessuaaridisainer, kes asutas oma br\u00e4ndi 2016. aastal Tartu K\u00f5rgemas Kunstikoolis nahadisaini \u00f5ppimise ajal.<br \/>\nLisaks on Gerda \u00f5ppinud aksessuaaridisaini meistrite juures nii Itaalias kui ka Ungaris.<br \/>\nTa oli nomineeritud 2015. aastal Hongkongi Design-a-Bag konkursil ning on olnud mitu aastat nomineeritud Eesti Disainiauhinna BRUNO auhinnale.  <\/p>\n<ul>\n<li>M\u00f5\u00f5tmed: 21 x 16 x 6 cm<\/li>\n<li>Rihma pikkus: max 136 cm, min 100 cm<\/li>\n<li>Materjal: kvaliteetne Hispaania nahk<\/li>\n<li>Kujundatud ja k\u00e4sitsi valmistatud Eestis<\/li>\n<\/ul>\n<p>ELi tarne: 4-10 t\u00f6\u00f6p\u00e4eva<\/p>\n<p>EST: <strong>Facet Mini<\/strong> on <strong>Gerda Retteri<\/strong> multifunktsionaalne nahast kott, mida saab kanda \u00f5la- v\u00f5i k\u00e4ekotina, aga ka v\u00f6\u00f6kotina.<br \/>\nKotil on reguleeritav ja eemaldatav rihm ning lahtine sisetasku.<br \/>\nFacet Mini on valmistatud k\u00e4sit\u00f6\u00f6na Eestis.  <\/p>\n<p>Gerda Retter on Eesti aksessuaaridisainer, kes l\u00f5i oma br\u00e4ndi 2016 aastal \u00f5pingute ajal Tartu K\u00f5rgemas Kunstikoolis nahadisaini erialal, lisaks on Gerda \u00f5ppinud nii Itaalia kui ka Ungari aksessuaaridisaini meistrite k\u00e4e all.<br \/>\nGerda on nomineeritud Hong Kongi Design-a-Bag konkursil aastal 2015 ning mitmel aastal Eesti Disaini Auhinna BRUNO auhinnale. <\/p>\n<ul>\n<li>M\u00f5\u00f5dud: 21 x 16 x 6 cm<\/li>\n<li>Rihma pikkus: max 136 cm, min 100 cm<\/li>\n<li>Materjal: kvaliteetne Hispaania nahk<\/li>\n<li>Disainitud ja valmistatud Eestis k\u00e4sit\u00f6\u00f6na<\/li>\n<\/ul>\n<p>Eestisisene transport: 3-5 t\u00f6\u00f6p\u00e4eva<\/p>\n","protected":false},"featured_media":8404,"comment_status":"open","ping_status":"closed","template":"","meta":{"_acf_changed":false},"pwb-brand":[],"product_brand":[],"product_cat":[344,378],"product_tag":[],"class_list":{"0":"post-8381","1":"product","2":"type-product","3":"status-publish","4":"has-post-thumbnail","6":"product_cat-olakotid","7":"product_cat-vookotid","9":"first","10":"outofstock","11":"taxable","12":"shipping-taxable","13":"purchasable","14":"product-type-variable"},"acf":[],"brands":[],"_links":{"self":[{"href":"https:\/\/nordicbags.eu\/et\/wp-json\/wp\/v2\/product\/8381","targetHints":{"allow":["GET"]}}],"collection":[{"href":"https:\/\/nordicbags.eu\/et\/wp-json\/wp\/v2\/product"}],"about":[{"href":"https:\/\/nordicbags.eu\/et\/wp-json\/wp\/v2\/types\/product"}],"replies":[{"embeddable":true,"href":"https:\/\/nordicbags.eu\/et\/wp-json\/wp\/v2\/comments?post=8381"}],"wp:featuredmedia":[{"embeddable":true,"href":"https:\/\/nordicbags.eu\/et\/wp-json\/wp\/v2\/media\/8404"}],"wp:attachment":[{"href":"https:\/\/nordicbags.eu\/et\/wp-json\/wp\/v2\/media?parent=8381"}],"wp:term":[{"taxonomy":"pwb-brand","embeddable":true,"href":"https:\/\/nordicbags.eu\/et\/wp-json\/wp\/v2\/pwb-brand?post=8381"},{"taxonomy":"product_brand","embeddable":true,"href":"https:\/\/nordicbags.eu\/et\/wp-json\/wp\/v2\/product_brand?post=8381"},{"taxonomy":"product_cat","embeddable":true,"href":"https:\/\/nordicbags.eu\/et\/wp-json\/wp\/v2\/product_cat?post=8381"},{"taxonomy":"product_tag","embeddable":true,"href":"https:\/\/nordicbags.eu\/et\/wp-json\/wp\/v2\/product_tag?post=8381"}],"curies":[{"name":"wp","href":"https:\/\/api.w.org\/{rel}","templated":true}]}}