{"id":8493,"date":"2024-02-14T09:51:38","date_gmt":"2024-02-14T09:51:38","guid":{"rendered":"https:\/\/nordicbags.eu\/facet-sidur-helehall\/"},"modified":"2025-05-29T10:29:30","modified_gmt":"2025-05-29T10:29:30","slug":"facet-sidur-helehall","status":"publish","type":"product","link":"https:\/\/nordicbags.eu\/et\/toode\/facet-sidur-helehall\/","title":{"rendered":"FACET sidur &#8211; helehall"},"content":{"rendered":"","protected":false},"excerpt":{"rendered":"<p>ENG: Facet Clutch Bag, mille on kujundanud auhinnatud disainer Gerda Retter ja mis on valmistatud Eestis k\u00e4sitsi.<br \/>\nSee Hispaaniast p\u00e4rit ehtsast nahast valmistatud k\u00e4ekott sobib ideaalselt telefoni, raha ja v\u00f5tmete kandmiseks.<br \/>\nKompaktse suurusega 21 x 13 x 6 cm pakub see mugavust, ilma stiili osas j\u00e4releandmisi tegemata.<br \/>\nK\u00e4epidemel on 2-aastane garantii, mis tagab selle vastupidavuse ja teie rahulolu.<br \/>\nT\u00f5sta oma aksessuaarim\u00e4ngu selle kvaliteetse, hoolikalt valmistatud ja k\u00f5rgekvaliteedilisest Hispaania nahast valmistatud klambriga.    <\/p>\n<p>Gerda Retter on Eesti aksessuaaridisainer, kes asutas oma br\u00e4ndi 2016. aastal Tartu K\u00f5rgemas Kunstikoolis nahadisaini \u00f5ppimise ajal.<br \/>\nLisaks on Gerda \u00f5ppinud aksessuaaridisaini meistrite juures nii Itaalias kui ka Ungaris.<br \/>\nTa oli nomineeritud 2015. aastal Hongkongi Design-a-Bag konkursil ning on olnud mitu aastat nomineeritud Eesti Disainiauhinna BRUNO auhinnale.  <\/p>\n<ul>\n<li>M\u00f5\u00f5tmed: 21 x 13 x 6 cm<\/li>\n<li>Materjal: kvaliteetne Hispaania nahk<\/li>\n<li>Kujundatud ja k\u00e4sitsi valmistatud Eestis<\/li>\n<\/ul>\n<p>ELi tarne: 4-10 t\u00f6\u00f6p\u00e4eva<\/p>\n<p>EST: <strong>Facet ridik\u00fcl<\/strong> on <strong>Gerda Retteri<\/strong> v\u00e4ike ridik\u00fcl, kuhu mahub ideaalselt telefon, v\u00f5tmed ja raha.<br \/>\nFacet ridik\u00fcl on valmistatud naturaalsest nahast k\u00e4sit\u00f6\u00f6na Eestis. <\/p>\n<p>Gerda Retter on Eesti aksessuaaridisainer, kes l\u00f5i oma br\u00e4ndi 2016 aastal \u00f5pingute ajal Tartu K\u00f5rgemas Kunstikoolis nahadisaini erialal, lisaks on Gerda \u00f5ppinud nii Itaalia kui ka Ungari aksessuaaridisaini meistrite k\u00e4e all.<br \/>\nGerda on nomineeritud Hong Kongi Design-a-Bag konkursil aastal 2015 ning mitmel aastal Eesti Disaini Auhinna BRUNO auhinnale. <\/p>\n<ul>\n<li>M\u00f5\u00f5dud: 21 x 13 x 6 cm<\/li>\n<li>Materjal: kvaliteetne Hispaania nahk<\/li>\n<li>Disainitud ja valmistatud Eestis k\u00e4sit\u00f6\u00f6na<\/li>\n<\/ul>\n<p>Eestisisene transport: 3-5 t\u00f6\u00f6p\u00e4eva<\/p>\n","protected":false},"featured_media":8519,"comment_status":"open","ping_status":"closed","template":"","meta":{"_acf_changed":false},"pwb-brand":[],"product_brand":[],"product_cat":[368,369,363],"product_tag":[],"class_list":{"0":"post-8493","1":"product","2":"type-product","3":"status-publish","4":"has-post-thumbnail","6":"product_cat-nahast-rahakotid","7":"product_cat-naiste-rahakotid-ja-rahakotid","8":"product_cat-rahakotid-ja-kaardihoidjad","10":"first","11":"outofstock","12":"taxable","13":"shipping-taxable","14":"purchasable","15":"product-type-simple"},"acf":[],"brands":[],"_links":{"self":[{"href":"https:\/\/nordicbags.eu\/et\/wp-json\/wp\/v2\/product\/8493","targetHints":{"allow":["GET"]}}],"collection":[{"href":"https:\/\/nordicbags.eu\/et\/wp-json\/wp\/v2\/product"}],"about":[{"href":"https:\/\/nordicbags.eu\/et\/wp-json\/wp\/v2\/types\/product"}],"replies":[{"embeddable":true,"href":"https:\/\/nordicbags.eu\/et\/wp-json\/wp\/v2\/comments?post=8493"}],"wp:featuredmedia":[{"embeddable":true,"href":"https:\/\/nordicbags.eu\/et\/wp-json\/wp\/v2\/media\/8519"}],"wp:attachment":[{"href":"https:\/\/nordicbags.eu\/et\/wp-json\/wp\/v2\/media?parent=8493"}],"wp:term":[{"taxonomy":"pwb-brand","embeddable":true,"href":"https:\/\/nordicbags.eu\/et\/wp-json\/wp\/v2\/pwb-brand?post=8493"},{"taxonomy":"product_brand","embeddable":true,"href":"https:\/\/nordicbags.eu\/et\/wp-json\/wp\/v2\/product_brand?post=8493"},{"taxonomy":"product_cat","embeddable":true,"href":"https:\/\/nordicbags.eu\/et\/wp-json\/wp\/v2\/product_cat?post=8493"},{"taxonomy":"product_tag","embeddable":true,"href":"https:\/\/nordicbags.eu\/et\/wp-json\/wp\/v2\/product_tag?post=8493"}],"curies":[{"name":"wp","href":"https:\/\/api.w.org\/{rel}","templated":true}]}}