{"id":9006,"date":"2024-02-14T09:15:50","date_gmt":"2024-02-14T09:15:50","guid":{"rendered":"https:\/\/nordicbags.eu\/vookott-ja-olakott\/"},"modified":"2025-05-29T20:21:22","modified_gmt":"2025-05-29T20:21:22","slug":"vookott-ja-olakott","status":"publish","type":"product","link":"https:\/\/nordicbags.eu\/et\/toode\/vookott-ja-olakott\/","title":{"rendered":"V\u00f6\u00f6kott ja \u00f5lakott"},"content":{"rendered":"","protected":false},"excerpt":{"rendered":"<p>ENG: <strong>Gerda Retteri<\/strong> k\u00e4sitsi valmistatud v\u00f6\u00f6kott, mida saab kanda ka \u00f5lakotina.<br \/>\nKott on valmistatud ehtsast nahast Hispaaniast.<br \/>\nKotil on reguleeritav rihm ja magnetiline sulgemine.<br \/>\nSees on lukuga m\u00fcnditasku ja 4 kaardipesa.   <\/p>\n<p>Gerda Retter on Eesti aksessuaaridisainer, kes l\u00f5i oma br\u00e4ndi 2016. aastal Tartu K\u00f5rgemas Kunstikoolis nahadisaini erialal \u00f5ppides.<br \/>\nLisaks on Gerda \u00f5ppinud aksessuaaridisaini meistrite juhendamisel nii Itaalias kui ka Ungaris.   <strong>Gerda oli nomineeritud 2015. aastal Hongkongi Design-a-Bag konkursil ja on olnud mitu aastat nomineeritud Eesti Disainiauhinna BRUNO auhinnale.<\/strong><\/p>\n<ul>\n<li>Suurus: 20 cm x 12 cm x 14 cm<\/li>\n<li>Pikk rihm: 100-136 cm<\/li>\n<li>L\u00fchike rihm: 62-102 cm<\/li>\n<li>Materjal: kvaliteetne Hispaania nahk<\/li>\n<li>Disainitud ja k\u00e4sitsi valmistatud Eestis<\/li>\n<\/ul>\n<p>ELi tarne: 4-10 t\u00f6\u00f6p\u00e4eva<\/p>\n<\/p>\n<p>EST: <strong>V\u00f6\u00f6kott <\/strong>on <strong>Gerda Retteri<\/strong> multifunktsionaalne nahast kott, mida saab kanda nii v\u00f6\u00f6koti kui ka \u00f5lakotina.<br \/>\nKotil on reguleeritav rihm ning magnetkinnitus, sisemuses on lukuga suletav m\u00fcnditasku ning 12 kaarditaskut.<br \/>\nV\u00f6\u00f6kott on valmistatud k\u00e4sit\u00f6\u00f6na Eestis.  <\/p>\n<p>Gerda Retter on Eesti aksessuaaridisainer, kes l\u00f5i oma br\u00e4ndi 2016 aastal \u00f5pingute ajal Tartu K\u00f5rgemas Kunstikoolis nahadisaini erialal, lisaks on Gerda \u00f5ppinud nii Itaalia kui ka Ungari aksessuaaridisaini meistrite k\u00e4e all.<br \/>\nGerda on nomineeritud Hong Kongi Design-a-Bag konkursil aastal 2015 ning mitmel aastal Eesti Disaini Auhinna BRUNO auhinnale. <\/p>\n<ul>\n<li>M\u00f5\u00f5dud: 20 x 12 x 4 cm<\/li>\n<li>Pikk v\u00f6\u00f6: 100-136 cm<\/li>\n<li>L\u00fchike v\u00f6\u00f6: 62 cm &#8211; 102 cm<\/li>\n<li>Materjal: kvaliteetne Hispaania nahk<\/li>\n<li>Disainitud ja valmistatud Eestis k\u00e4sit\u00f6\u00f6na<\/li>\n<\/ul>\n<p>Eesti-sisene transport: 3-5 t\u00f6\u00f6p\u00e4eva<\/p>\n","protected":false},"featured_media":9017,"comment_status":"open","ping_status":"closed","template":"","meta":{"_acf_changed":false},"pwb-brand":[],"product_brand":[],"product_cat":[344,378],"product_tag":[],"class_list":{"0":"post-9006","1":"product","2":"type-product","3":"status-publish","4":"has-post-thumbnail","6":"product_cat-olakotid","7":"product_cat-vookotid","9":"first","10":"outofstock","11":"taxable","12":"shipping-taxable","13":"purchasable","14":"product-type-variable"},"acf":[],"brands":[],"_links":{"self":[{"href":"https:\/\/nordicbags.eu\/et\/wp-json\/wp\/v2\/product\/9006","targetHints":{"allow":["GET"]}}],"collection":[{"href":"https:\/\/nordicbags.eu\/et\/wp-json\/wp\/v2\/product"}],"about":[{"href":"https:\/\/nordicbags.eu\/et\/wp-json\/wp\/v2\/types\/product"}],"replies":[{"embeddable":true,"href":"https:\/\/nordicbags.eu\/et\/wp-json\/wp\/v2\/comments?post=9006"}],"wp:featuredmedia":[{"embeddable":true,"href":"https:\/\/nordicbags.eu\/et\/wp-json\/wp\/v2\/media\/9017"}],"wp:attachment":[{"href":"https:\/\/nordicbags.eu\/et\/wp-json\/wp\/v2\/media?parent=9006"}],"wp:term":[{"taxonomy":"pwb-brand","embeddable":true,"href":"https:\/\/nordicbags.eu\/et\/wp-json\/wp\/v2\/pwb-brand?post=9006"},{"taxonomy":"product_brand","embeddable":true,"href":"https:\/\/nordicbags.eu\/et\/wp-json\/wp\/v2\/product_brand?post=9006"},{"taxonomy":"product_cat","embeddable":true,"href":"https:\/\/nordicbags.eu\/et\/wp-json\/wp\/v2\/product_cat?post=9006"},{"taxonomy":"product_tag","embeddable":true,"href":"https:\/\/nordicbags.eu\/et\/wp-json\/wp\/v2\/product_tag?post=9006"}],"curies":[{"name":"wp","href":"https:\/\/api.w.org\/{rel}","templated":true}]}}